{"id":597,"date":"2014-03-15T17:32:40","date_gmt":"2014-03-15T16:32:40","guid":{"rendered":"http:\/\/www.iln-norderstedt.de\/?page_id=597"},"modified":"2014-04-02T18:38:27","modified_gmt":"2014-04-02T17:38:27","slug":"stellungnahmen-2","status":"publish","type":"page","link":"https:\/\/www.iln-norderstedt.de\/?page_id=597","title":{"rendered":"Stellungnahmen"},"content":{"rendered":"<h4><b>Stellungnahme der ILN zum Luftreinhalteplan Norderstedt<\/b><\/h4>\n<p><b>\u00a0<\/b><\/p>\n<p><b>An das <\/b><b>Ministerium f\u00fcr Energiewende, Landwirtschaft, <\/b><b>Umwelt und l\u00e4ndliche R\u00e4ume, Schleswig-Holstein<\/b><\/p>\n<p><b>z.H. Herrn Dr. Dirk J\u00fcrgens, <\/b><b>Mercatorstr.3, <\/b><b>24106 Kiel<\/b><\/p>\n<p><b>\u00a0<\/b><b>Betr.: Luftreinhalteplan Norderstedt, Entwurf Stand Sept. 2013<\/b><\/p>\n<p>Sehr geehrter Herr Dr. Dirk J\u00fcrgens,<br \/>\nmit nachfolgender Stellungnahme zum Luftreinhalteplan Entwurf m\u00f6chten wir unser Recht auf \u00d6ffentlichkeits-Beteiligung am LRP wahrnehmen. Wir hoffen, dass der Plan um konkrete kurz- und langfristige Ma\u00dfnahmen erweitert wird, damit eine Gesundheitsgef\u00e4hrdung der betroffenen Bev\u00f6lkerungsgruppe minimiert und der Zeitraum einer Nichteinhaltung der Grenzwerte so kurz wie m\u00f6glich gehalten werden kann.<br \/>\nWir bitten Sie, uns den Eingang dieses Schreibens zu best\u00e4tigen.<br \/>\nMit freundlichem Gru\u00df<br \/>\nHans Jeenicke<br \/>\nSprecher der ILN<br \/>\nAnlage:\u00a0<b>\u00a0<\/b><\/p>\n<p><b>Stellungnahme der ILN zum Luftreinhalteplan der Stadt Norderstedt, September 2013<\/b><\/p>\n<p><b>A)\u00a0\u00a0\u00a0 <\/b><b>Feststellungen<\/b><\/p>\n<ol>\n<li>Der LRP best\u00e4tigt, dass in Bereichen der Ohechaussee der Grenzwert f\u00fcr NO2 an Wochentagen (Messungen 2010\/ 2011) deutlich \u00fcberschritten wird. Auch die NO2- Werte an der Segeberger Chaussee \u00fcbersteigen zeitweise den Grenzwert von 40 ug\/m^3. Der Grenzwert f\u00fcr Feinstaub (PM10) wurde an der Ohechaussee 2007 an 8 Tagen deutlich \u00fcberschritten (max. zul. an 35 Tagen im Jahr). Messungen von 2010\/ 2011 werden im Planentwurf leider nicht genannt. Die Daten betreffend NO2 und Feinstaub zeigen eine Gesundheitsgef\u00e4hrdung der Anwohner in diesen Bereichen sowie der Fu\u00dfg\u00e4nger und Restaurantbesucher im Au\u00dfenbereich.<\/li>\n<li>Der LRP beinhaltet eine Prognose f\u00fcr die NO2- Belastung im Jahre 2015 an der Ohechaussee unter Ber\u00fccksichtigung einer \u201eVerstetigung\u201c des Verkehrs (z.B. deutlich weniger Stop-and-Go-Zeiten) und einer leichten (\u201ekonservativen\u201c) Verkehrszunahme. Nach dieser Prognose kann \u2013 \u201eabgesehen von punktuellen \u00dcberschreitungen\u2026\u201c- \u201e die Einhaltung des Grenzwertes ab dem Jahr 2015 erreicht werden.\u201c &#8211; Allerdings ist die Prognose ..\u201cinsgesamt mit Unsicherheiten behaftet\u201c. Verbesserungen sollen durch die Fertigstellung des \u201eKnotens Ochsenzoll\u201c und die Umsetzung des L\u00e4rmaktionsplanes erreicht werden. In der Zusammenfassung des LRP steht: \u201eZur Zeit sind keine weiteren Ma\u00dfnahmen ersichtlich, die \u00fcber den Ausbau der B432 hinausgehen und die zu fr\u00fcheren Einhaltung des Grenzwertes f\u00fchren k\u00f6nnen.\u201c<\/li>\n<\/ol>\n<p><b>B)\u00a0\u00a0\u00a0\u00a0\u00a0\u00a0\u00a0\u00a0\u00a0\u00a0 <\/b><b>Fazit<\/b><\/p>\n<p>Der LRP beinhaltet keine Ma\u00dfnahmen, die zu einer dauerhaften Verminderung von Luftverschmutzungen f\u00fchren, wie sie gem\u00e4\u00df BImSchG, \u00a7 47, Absatz 1 gefordert werden. Es werden auch keine konkreten kurzfristigen und langfristigen Ma\u00dfnahmen genannt, die \u2013 wie gefordert- \u201eden Zeitraum einer \u00dcberschreitung der Grenzwerte so kurz wie m\u00f6glich halten.\u201c Wir bezweifeln, dass die Schadstoffbelastung allein durch die Fertigstellung des Knotens Ochsenzoll unter den Grenzwert sinken wird, und halten eine permanente Luft\u00fcberwachung sowie eine Erg\u00e4nzung des LRP f\u00fcr notwendig.<\/p>\n<p><b>C)\u00a0\u00a0\u00a0\u00a0\u00a0\u00a0\u00a0\u00a0\u00a0\u00a0\u00a0\u00a0\u00a0\u00a0\u00a0 <\/b><b>Unsere Vorschl\u00e4ge<\/b><\/p>\n<ol>\n<li>Nach Fertigstellung der Bauarbeiten am Knoten Ochsenzoll die Messwerte f\u00fcr NO2 und Feinstaub quartalsweise ver\u00f6ffentlichen.<\/li>\n<li>F\u00fcr den Fall der \u00dcberschreitung der Grenzwerte jetzt bereits Notfallma\u00dfnahmen und langfristige Ma\u00dfnahmen in den LRP aufnehmen.<\/li>\n<\/ol>\n<p>Gez. Hans Jeenicke,\u00a0 Erich Schroeder<\/p>\n<p>F\u00fcr die Interessengemeinschaft Lebenswertes Norderstedt, \u00a0ILN<\/p>\n<p>&nbsp;<\/p>\n<p>Norderstedt, den 12. Oktober 2013<\/p>\n<p>&nbsp;<\/p>\n<p>&nbsp;<\/p>\n","protected":false},"excerpt":{"rendered":"<p>Stellungnahme der ILN zum Luftreinhalteplan Norderstedt \u00a0 An das Ministerium f\u00fcr Energiewende, Landwirtschaft, Umwelt und l\u00e4ndliche R\u00e4ume, Schleswig-Holstein z.H. Herrn Dr. Dirk J\u00fcrgens, Mercatorstr.3, 24106 Kiel \u00a0Betr.: Luftreinhalteplan Norderstedt, Entwurf Stand Sept. 2013 Sehr geehrter Herr Dr. Dirk J\u00fcrgens, mit nachfolgender Stellungnahme zum Luftreinhalteplan Entwurf m\u00f6chten wir unser Recht auf \u00d6ffentlichkeits-Beteiligung am LRP wahrnehmen. Wir &hellip; <a href=\"https:\/\/www.iln-norderstedt.de\/?page_id=597\" class=\"more-link\"><span class=\"screen-reader-text\">Stellungnahmen<\/span> weiterlesen <span class=\"meta-nav\">&rarr;<\/span><\/a><\/p>\n","protected":false},"author":4,"featured_media":0,"parent":0,"menu_order":0,"comment_status":"closed","ping_status":"closed","template":"","meta":[],"_links":{"self":[{"href":"https:\/\/www.iln-norderstedt.de\/index.php?rest_route=\/wp\/v2\/pages\/597"}],"collection":[{"href":"https:\/\/www.iln-norderstedt.de\/index.php?rest_route=\/wp\/v2\/pages"}],"about":[{"href":"https:\/\/www.iln-norderstedt.de\/index.php?rest_route=\/wp\/v2\/types\/page"}],"author":[{"embeddable":true,"href":"https:\/\/www.iln-norderstedt.de\/index.php?rest_route=\/wp\/v2\/users\/4"}],"replies":[{"embeddable":true,"href":"https:\/\/www.iln-norderstedt.de\/index.php?rest_route=%2Fwp%2Fv2%2Fcomments&post=597"}],"version-history":[{"count":4,"href":"https:\/\/www.iln-norderstedt.de\/index.php?rest_route=\/wp\/v2\/pages\/597\/revisions"}],"predecessor-version":[{"id":621,"href":"https:\/\/www.iln-norderstedt.de\/index.php?rest_route=\/wp\/v2\/pages\/597\/revisions\/621"}],"wp:attachment":[{"href":"https:\/\/www.iln-norderstedt.de\/index.php?rest_route=%2Fwp%2Fv2%2Fmedia&parent=597"}],"curies":[{"name":"wp","href":"https:\/\/api.w.org\/{rel}","templated":true}]}}