{"id":455,"date":"2014-02-24T13:54:33","date_gmt":"2014-02-24T12:54:33","guid":{"rendered":"http:\/\/www.iln-norderstedt.de\/?page_id=455"},"modified":"2016-03-06T21:48:21","modified_gmt":"2016-03-06T20:48:21","slug":"tag-des-laerms","status":"publish","type":"page","link":"https:\/\/www.iln-norderstedt.de\/?page_id=455","title":{"rendered":"Tag gegen L\u00e4rm"},"content":{"rendered":"<p><img loading=\"lazy\" class=\"alignnone size-full wp-image-480\" alt=\"logo-tag-gegen-laerm-2016. Foto: DEGA\" src=\"http:\/\/www.iln-norderstedt.de\/wp-content\/uploads\/2016\/03\/Tag-gegen-L\u00e4rm-2016_Plakat_Web.jpg\" width=\"148\" height=\"209\" \/><\/p>\n<p>Am 27. April 2016 findet der diesj\u00e4hrige internationale &#8222;Tag gegen L\u00e4rm&#8220; statt. Er steht unter dem Motto &#8222;So geht leise&#8220;. In ganz Deutschland finden mehr als 150 Aktionen statt, um auf das Problem &#8222;L\u00e4rm&#8220; aufmerksam zu machen.<\/p>\n<p><img loading=\"lazy\" class=\"alignleft\" alt=\"laermkoffer. Foto: DEGA\" src=\"http:\/\/www.iln-norderstedt.de\/wp-content\/uploads\/2014\/02\/laermkoffer.jpg\" width=\"114\" height=\"138\" \/>Mit dem L\u00e4rmkoffer k\u00f6nnen Schulkinder etwas \u00fcber Entstehung und Wirkung von L\u00e4rm lernen. Der L\u00e4rmkoffer enth\u00e4lt Schall-Messger\u00e4te, Unterrichtshilfen sowie Anleitungen zum Basteln und Experimentieren. Schulen k\u00f6nnen sich bewerben, um den Lernkoffer kostenlos f\u00fcr einen Tag zu erhalten.<\/p>\n<p>Die Website <a href=\"http:\/\/www.tag-gegen-laerm.de\">Tag gegen L\u00e4rm<\/a> informiert \u00fcber geplante Aktionen, Rechtsvorschriften und Auswirkungen von L\u00e4rm auf die Gesundheit. Am 27. April k\u00f6nnen alle Deutschen symbolisch etwas tun: um 14:15 Uhr 15 Sekunden lang keinen L\u00e4rm verursachen.<\/p>\n<p>Der Aktionstag ist in den USA als &#8222;International Noise Awareness Day&#8220; in&#8217;s Leben gerufen worden. In Europa beteiligen sich u. a. Deutschland, \u00d6sterreich und die Schweiz. Federf\u00fchrend f\u00fcr die Aktionen in Deutschland ist die DEGA, die Deutsche Gesellschaft f\u00fcr Akustik e.V. Das Bundesumweltministerium f\u00f6rdert die Veranstaltungen.<\/p>\n","protected":false},"excerpt":{"rendered":"<p>Am 27. April 2016 findet der diesj\u00e4hrige internationale &#8222;Tag gegen L\u00e4rm&#8220; statt. Er steht unter dem Motto &#8222;So geht leise&#8220;. In ganz Deutschland finden mehr als 150 Aktionen statt, um auf das Problem &#8222;L\u00e4rm&#8220; aufmerksam zu machen. Mit dem L\u00e4rmkoffer k\u00f6nnen Schulkinder etwas \u00fcber Entstehung und Wirkung von L\u00e4rm lernen. Der L\u00e4rmkoffer enth\u00e4lt Schall-Messger\u00e4te, Unterrichtshilfen &hellip; <a href=\"https:\/\/www.iln-norderstedt.de\/?page_id=455\" class=\"more-link\"><span class=\"screen-reader-text\">Tag gegen L\u00e4rm<\/span> weiterlesen <span class=\"meta-nav\">&rarr;<\/span><\/a><\/p>\n","protected":false},"author":11,"featured_media":0,"parent":540,"menu_order":0,"comment_status":"closed","ping_status":"closed","template":"","meta":[],"_links":{"self":[{"href":"https:\/\/www.iln-norderstedt.de\/index.php?rest_route=\/wp\/v2\/pages\/455"}],"collection":[{"href":"https:\/\/www.iln-norderstedt.de\/index.php?rest_route=\/wp\/v2\/pages"}],"about":[{"href":"https:\/\/www.iln-norderstedt.de\/index.php?rest_route=\/wp\/v2\/types\/page"}],"author":[{"embeddable":true,"href":"https:\/\/www.iln-norderstedt.de\/index.php?rest_route=\/wp\/v2\/users\/11"}],"replies":[{"embeddable":true,"href":"https:\/\/www.iln-norderstedt.de\/index.php?rest_route=%2Fwp%2Fv2%2Fcomments&post=455"}],"version-history":[{"count":34,"href":"https:\/\/www.iln-norderstedt.de\/index.php?rest_route=\/wp\/v2\/pages\/455\/revisions"}],"predecessor-version":[{"id":745,"href":"https:\/\/www.iln-norderstedt.de\/index.php?rest_route=\/wp\/v2\/pages\/455\/revisions\/745"}],"up":[{"embeddable":true,"href":"https:\/\/www.iln-norderstedt.de\/index.php?rest_route=\/wp\/v2\/pages\/540"}],"wp:attachment":[{"href":"https:\/\/www.iln-norderstedt.de\/index.php?rest_route=%2Fwp%2Fv2%2Fmedia&parent=455"}],"curies":[{"name":"wp","href":"https:\/\/api.w.org\/{rel}","templated":true}]}}