{"id":758,"date":"2018-04-18T13:00:50","date_gmt":"2018-04-18T12:00:50","guid":{"rendered":"http:\/\/www.iln-norderstedt.de\/?page_id=758"},"modified":"2019-10-25T15:00:08","modified_gmt":"2019-10-25T14:00:08","slug":"lap-2018-2023-fehlanzeige","status":"publish","type":"page","link":"http:\/\/www.iln-norderstedt.de\/?page_id=758","title":{"rendered":"LAP 2018-2023"},"content":{"rendered":"<p>Aktueller Stand des L\u00e4rmaktionsplanes: siehe Beschlussvorlage im Ausschuss f\u00fcr Stadtentwicklung und Verkehr am 19.09.2019:<\/p>\n<p><a href=\"http:\/\/buergerinfo.norderstedt.de\/ratsinfo\/sessionnet\/buergerinfo\/getfile.php?id=161510&amp;type=do&amp;\">http:\/\/buergerinfo.norderstedt.de\/ratsinfo\/sessionnet\/buergerinfo\/getfile.php?id=161510&amp;type=do&amp;<\/a><\/p>\n<p>&#8222;Ausblick<br \/>\nDas Beteiligungsverfahren f\u00fcr die Beh\u00f6rden und sonstigen Tr\u00e4ger \u00f6ffentlicher Belange, deren Aufgabenbereich durch den L\u00e4rmaktionsplan nach \u00a7 47 d des BImSchG ber\u00fchrt werden k\u00f6nnen, soll Ende November noch vor den Weihnachtsferien starten.<strong> Die Beteiligung der \u00d6ffentlichkeit wird im Januar 2020 mit einer Informationsveranstaltung beginnen. Zeitgleich wird auch die einmonatige \u00f6ffentliche Auslage des Entwurfes zum LAP 2018-2023 im Norderstedter Rathaus erfolgen.<\/strong> Dann hat die Bev\u00f6lkerung erneut die M\u00f6glichkeit, Stellungnahmen oder Einwendungen schriftlich oder w\u00e4hrend der Dienststunden zur Niederschrift abzugeben. Alle eingegangenen Stellungnahmen und Einwendungen sind erneut einer Abw\u00e4gung zu unterziehen. Die Ergebnisse mit den Abw\u00e4gungsvorschl\u00e4gen sollen dem Ausschuss f\u00fcr Stadtentwicklung und Verkehr im Fr\u00fchjahr 2020 erneut zur Beratung vorgestellt werden und in die Fassung des endg\u00fcltigen LAP 2018-2023 einflie\u00dfen. Nach dem politischen Beschluss des LAP 2018-2023 durch die Gemeindevertretung ist dieser dem schleswig-holsteinischen Ministerium f\u00fcr Energiewende, Landwirtschaft, Umwelt, Natur und Digitalisierung (MELUR) zuzuleiten. Das MELUR fasst die landesweite Situation zusammen und leitet sie \u00fcber den Bund an die EU-Kommission weiter. &#8222;<\/p>\n","protected":false},"excerpt":{"rendered":"<p>Aktueller Stand des L\u00e4rmaktionsplanes: siehe Beschlussvorlage im Ausschuss f\u00fcr Stadtentwicklung und Verkehr am 19.09.2019: http:\/\/buergerinfo.norderstedt.de\/ratsinfo\/sessionnet\/buergerinfo\/getfile.php?id=161510&amp;type=do&amp; &#8222;Ausblick Das Beteiligungsverfahren f\u00fcr die Beh\u00f6rden und sonstigen Tr\u00e4ger \u00f6ffentlicher Belange, deren Aufgabenbereich durch den L\u00e4rmaktionsplan nach \u00a7 47 d des BImSchG ber\u00fchrt werden k\u00f6nnen, soll Ende November noch vor den Weihnachtsferien starten. Die Beteiligung der \u00d6ffentlichkeit wird im Januar &hellip; <a href=\"http:\/\/www.iln-norderstedt.de\/?page_id=758\" class=\"more-link\"><span class=\"screen-reader-text\">LAP 2018-2023<\/span> weiterlesen <span class=\"meta-nav\">&rarr;<\/span><\/a><\/p>\n","protected":false},"author":11,"featured_media":0,"parent":0,"menu_order":0,"comment_status":"closed","ping_status":"closed","template":"","meta":[],"_links":{"self":[{"href":"http:\/\/www.iln-norderstedt.de\/index.php?rest_route=\/wp\/v2\/pages\/758"}],"collection":[{"href":"http:\/\/www.iln-norderstedt.de\/index.php?rest_route=\/wp\/v2\/pages"}],"about":[{"href":"http:\/\/www.iln-norderstedt.de\/index.php?rest_route=\/wp\/v2\/types\/page"}],"author":[{"embeddable":true,"href":"http:\/\/www.iln-norderstedt.de\/index.php?rest_route=\/wp\/v2\/users\/11"}],"replies":[{"embeddable":true,"href":"http:\/\/www.iln-norderstedt.de\/index.php?rest_route=%2Fwp%2Fv2%2Fcomments&post=758"}],"version-history":[{"count":9,"href":"http:\/\/www.iln-norderstedt.de\/index.php?rest_route=\/wp\/v2\/pages\/758\/revisions"}],"predecessor-version":[{"id":784,"href":"http:\/\/www.iln-norderstedt.de\/index.php?rest_route=\/wp\/v2\/pages\/758\/revisions\/784"}],"wp:attachment":[{"href":"http:\/\/www.iln-norderstedt.de\/index.php?rest_route=%2Fwp%2Fv2%2Fmedia&parent=758"}],"curies":[{"name":"wp","href":"https:\/\/api.w.org\/{rel}","templated":true}]}}