{"id":751,"date":"2018-04-15T20:54:47","date_gmt":"2018-04-15T19:54:47","guid":{"rendered":"http:\/\/www.iln-norderstedt.de\/?page_id=751"},"modified":"2018-04-15T21:00:31","modified_gmt":"2018-04-15T20:00:31","slug":"tag-gegen-laerm-2018","status":"publish","type":"page","link":"http:\/\/www.iln-norderstedt.de\/?page_id=751","title":{"rendered":"Tag gegen L\u00e4rm 2018"},"content":{"rendered":"<p>Am 25. April 2018 findet der diesj\u00e4hrige internationale \u201eTag gegen L\u00e4rm\u201c statt. Er steht unter dem Motto \u201eLaut war gestern\u201c, visualisiert durch ein Plakat, das den Verkehr einer Gro\u00dfstadt in Verbindung mit einer Smartphone-Lautst\u00e4rkeregelung zeigt. In ganz Deutschland finden Aktionen statt, um auf das Problem \u201eL\u00e4rm\u201c aufmerksam zu machen.<br \/>\n<img loading=\"lazy\" src=\"http:\/\/www.iln-norderstedt.de\/wp-content\/uploads\/2018\/04\/Tag_gegen_Laerm_2018-194x300.jpg\" alt=\"Logo zur Aktion &quot;Laut war gestern&quot;\" width=\"194\" height=\"300\" class=\"alignnone size-medium wp-image-750\" srcset=\"http:\/\/www.iln-norderstedt.de\/wp-content\/uploads\/2018\/04\/Tag_gegen_Laerm_2018-194x300.jpg 194w, http:\/\/www.iln-norderstedt.de\/wp-content\/uploads\/2018\/04\/Tag_gegen_Laerm_2018.jpg 520w\" sizes=\"(max-width: 194px) 100vw, 194px\" \/><br \/>\nDie Website <a href=\"http:\/\/www.tag-gegen-laerm.de\/laerminformationsportal#\" rel=\"noopener\" target=\"_blank\">Tag gegen L\u00e4rm<\/a> informiert \u00fcber  Rechtsvorschriften und Auswirkungen von L\u00e4rm auf die Gesundheit. Unter &#8222;Was tut meine Stadt&#8220; kann man sich \u00fcber die L\u00e4rmaktionsplanung verschiedener St\u00e4dte informieren. \u00dcber Norderstedt ist dort nichts ver\u00f6ffentlicht. Die Informationen aus Kiel und L\u00fcbeck stammen von 2013.<\/p>\n<p>Der Aktionstag ist in den USA als \u201eInternational Noise Awareness Day\u201c in\u2019s Leben gerufen worden. In Europa beteiligen sich u. a. Deutschland, \u00d6sterreich und die Schweiz. Federf\u00fchrend f\u00fcr die Aktionen in Deutschland ist die DEGA, die Deutsche Gesellschaft f\u00fcr Akustik e.V. Das Bundesumweltministerium f\u00f6rdert die Veranstaltungen.<\/p>\n","protected":false},"excerpt":{"rendered":"<p>Am 25. April 2018 findet der diesj\u00e4hrige internationale \u201eTag gegen L\u00e4rm\u201c statt. Er steht unter dem Motto \u201eLaut war gestern\u201c, visualisiert durch ein Plakat, das den Verkehr einer Gro\u00dfstadt in Verbindung mit einer Smartphone-Lautst\u00e4rkeregelung zeigt. In ganz Deutschland finden Aktionen statt, um auf das Problem \u201eL\u00e4rm\u201c aufmerksam zu machen. Die Website Tag gegen L\u00e4rm informiert &hellip; <a href=\"http:\/\/www.iln-norderstedt.de\/?page_id=751\" class=\"more-link\"><span class=\"screen-reader-text\">Tag gegen L\u00e4rm 2018<\/span> weiterlesen <span class=\"meta-nav\">&rarr;<\/span><\/a><\/p>\n","protected":false},"author":11,"featured_media":0,"parent":0,"menu_order":0,"comment_status":"closed","ping_status":"closed","template":"","meta":[],"_links":{"self":[{"href":"http:\/\/www.iln-norderstedt.de\/index.php?rest_route=\/wp\/v2\/pages\/751"}],"collection":[{"href":"http:\/\/www.iln-norderstedt.de\/index.php?rest_route=\/wp\/v2\/pages"}],"about":[{"href":"http:\/\/www.iln-norderstedt.de\/index.php?rest_route=\/wp\/v2\/types\/page"}],"author":[{"embeddable":true,"href":"http:\/\/www.iln-norderstedt.de\/index.php?rest_route=\/wp\/v2\/users\/11"}],"replies":[{"embeddable":true,"href":"http:\/\/www.iln-norderstedt.de\/index.php?rest_route=%2Fwp%2Fv2%2Fcomments&post=751"}],"version-history":[{"count":3,"href":"http:\/\/www.iln-norderstedt.de\/index.php?rest_route=\/wp\/v2\/pages\/751\/revisions"}],"predecessor-version":[{"id":754,"href":"http:\/\/www.iln-norderstedt.de\/index.php?rest_route=\/wp\/v2\/pages\/751\/revisions\/754"}],"wp:attachment":[{"href":"http:\/\/www.iln-norderstedt.de\/index.php?rest_route=%2Fwp%2Fv2%2Fmedia&parent=751"}],"curies":[{"name":"wp","href":"https:\/\/api.w.org\/{rel}","templated":true}]}}